{"id":11,"date":"2018-12-03T16:35:58","date_gmt":"2018-12-03T15:35:58","guid":{"rendered":"http:\/\/m2ievm.com\/aavelo\/?page_id=11"},"modified":"2019-10-14T12:42:00","modified_gmt":"2019-10-14T10:42:00","slug":"a-propos","status":"publish","type":"page","link":"https:\/\/m2ievm.com\/aavelo\/a-propos\/","title":{"rendered":"A propos"},"content":{"rendered":"\t\t<div data-elementor-type=\"wp-post\" data-elementor-id=\"11\" class=\"elementor elementor-11 elementor-bc-flex-widget\">\n\t\t\t\t\t\t<section class=\"elementor-section elementor-top-section elementor-element elementor-element-ee41c34 elementor-section-boxed elementor-section-height-default elementor-section-height-default\" data-id=\"ee41c34\" data-element_type=\"section\">\n\t\t\t\t\t\t<div class=\"elementor-container elementor-column-gap-default\">\n\t\t\t\t\t<div class=\"elementor-column elementor-col-100 elementor-top-column elementor-element elementor-element-77f5756\" data-id=\"77f5756\" data-element_type=\"column\">\n\t\t\t<div class=\"elementor-widget-wrap elementor-element-populated\">\n\t\t\t\t\t\t<div class=\"elementor-element elementor-element-caab8ca elementor-widget elementor-widget-text-editor\" data-id=\"caab8ca\" data-element_type=\"widget\" data-widget_type=\"text-editor.default\">\n\t\t\t\t<div class=\"elementor-widget-container\">\n\t\t\t\t\t\t\t\t\t<section class=\"elementor-element elementor-element-f7c94c0 elementor-section-boxed elementor-section-height-default elementor-section-height-default elementor-section elementor-top-section\" data-id=\"f7c94c0\" data-element_type=\"section\"><div class=\"elementor-container elementor-column-gap-default\"><div class=\"elementor-row\"><div class=\"elementor-element elementor-element-22f35a3 elementor-column elementor-col-100 elementor-top-column\" data-id=\"22f35a3\" data-element_type=\"column\"><div class=\"elementor-column-wrap  elementor-element-populated\"><div class=\"elementor-widget-wrap\"><div class=\"elementor-element elementor-element-792686e elementor-widget elementor-widget-heading\" data-id=\"792686e\" data-element_type=\"heading.default\"><div class=\"elementor-widget-container\"><h1 class=\"elementor-heading-title elementor-size-large\" style=\"text-align: center;\">La m2ie en quelques mots<\/h1><\/div><\/div><\/div><\/div><\/div><\/div><\/div><\/section><section class=\"elementor-element elementor-element-25c34f9 elementor-section-boxed elementor-section-height-default elementor-section-height-default elementor-section elementor-top-section\" data-id=\"25c34f9\" data-element_type=\"section\"><div class=\"elementor-container elementor-column-gap-default\"><div class=\"elementor-row\"><div class=\"elementor-element elementor-element-72b4238 elementor-column elementor-col-100 elementor-top-column\" data-id=\"72b4238\" data-element_type=\"column\"><div class=\"elementor-column-wrap  elementor-element-populated\"><div class=\"elementor-widget-wrap\"><div class=\"elementor-element elementor-element-fdf2515 elementor-widget elementor-widget-text-editor\" data-id=\"fdf2515\" data-element_type=\"text-editor.default\"><div class=\"elementor-widget-container\"><div class=\"elementor-text-editor elementor-clearfix\"><h3>\u21d2 Un acteur local engag\u00e9 en faveur de l\u2019insertion professionnelle.<\/h3><p>La Maison Intercommunale de l\u2019Insertion et de l\u2019Emploi \u2013 m2ie \u2013 situ\u00e9e sur la commune de Torcy, est une association loi 1901 qui, depuis 1974, accompagne vers l\u2019emploi des personnes en difficult\u00e9 en leur proposant une offre de services vari\u00e9s. Elle a pour but de faire de la bataille pour l\u2019emploi une priorit\u00e9 territoriale. Son \u00e9quipe est sp\u00e9cialis\u00e9e dans l\u2019accompagnement socio professionnel, la formation professionnelle et l\u2019Insertion par l\u2019Activit\u00e9 Economique (IAE).<\/p><p>La m2ie a \u00e9t\u00e9 cr\u00e9\u00e9e pour \u0153uvrer sur le territoire centre de la Communaut\u00e9 d\u2019Agglom\u00e9ration Paris Vall\u00e9e de la Marne (ex Val Maubu\u00e9e), soucieuse d\u2019apporter un service de proximit\u00e9 et de maintenir le lien social au service de l\u2019emploi pour tous les administr\u00e9s du territoire.<\/p><h3>\u21d2 Nos principaux objectifs sont :<\/h3><ul><li>Favoriser l\u2019acc\u00e8s et le retour \u00e0 un emploi durable par la mise en place de dispositifs de formations \u00e0 vis\u00e9e professionnelle. D\u00e9velopper des collaborations avec les autres op\u00e9rateurs ou organismes.<\/li><li>Assurer le suivi et l\u2019accompagnement des publics tr\u00e8s \u00e9loign\u00e9s de l\u2019emploi, b\u00e9n\u00e9ficiaires du RSA ou des minimas sociaux, notamment via le dispositif AAVE (Association d\u2019Accompagnement Vers l\u2019Emploi).<\/li><li>Permettre l\u2019Insertion par l\u2019Activit\u00e9 Economique (IAE) et le retour \u00e0 l\u2019emploi des personnes qui en sont tr\u00e8s \u00e9loign\u00e9es, \u00e0 travers le d\u00e9veloppement et la p\u00e9rennisation d\u2019activit\u00e9s de chantiers d\u2019insertion.<\/li><li>Assurer l\u2019accueil, l\u2019information et l\u2019orientation des publics en insertion, demandeurs d\u2019emploi, demandeurs de formation, du territoire centre de la CAPVM.<\/li><\/ul><\/div><\/div><\/div><\/div><\/div><\/div><\/div><\/div><\/section>\t\t\t\t\t\t\t\t<\/div>\n\t\t\t\t<\/div>\n\t\t\t\t\t<\/div>\n\t\t<\/div>\n\t\t\t\t\t<\/div>\n\t\t<\/section>\n\t\t\t\t<section class=\"elementor-section elementor-top-section elementor-element elementor-element-189f6ef elementor-section-boxed elementor-section-height-default elementor-section-height-default\" data-id=\"189f6ef\" data-element_type=\"section\">\n\t\t\t\t\t\t<div class=\"elementor-container elementor-column-gap-default\">\n\t\t\t\t\t<div class=\"elementor-column elementor-col-100 elementor-top-column elementor-element elementor-element-85f47e0\" data-id=\"85f47e0\" data-element_type=\"column\">\n\t\t\t<div class=\"elementor-widget-wrap elementor-element-populated\">\n\t\t\t\t\t\t<div class=\"elementor-element elementor-element-49a77da elementor-widget elementor-widget-image\" data-id=\"49a77da\" data-element_type=\"widget\" data-widget_type=\"image.default\">\n\t\t\t\t<div class=\"elementor-widget-container\">\n\t\t\t\t\t\t\t\t\t\t\t\t\t\t\t<img fetchpriority=\"high\" decoding=\"async\" width=\"300\" height=\"291\" src=\"https:\/\/m2ievm.com\/aavelo\/wp-content\/uploads\/2019\/03\/logo_m2ie_2018-RVB-300x291.jpg\" class=\"attachment-medium size-medium wp-image-780\" alt=\"\" srcset=\"https:\/\/m2ievm.com\/aavelo\/wp-content\/uploads\/2019\/03\/logo_m2ie_2018-RVB-300x291.jpg 300w, https:\/\/m2ievm.com\/aavelo\/wp-content\/uploads\/2019\/03\/logo_m2ie_2018-RVB-768x746.jpg 768w, https:\/\/m2ievm.com\/aavelo\/wp-content\/uploads\/2019\/03\/logo_m2ie_2018-RVB-1024x994.jpg 1024w, https:\/\/m2ievm.com\/aavelo\/wp-content\/uploads\/2019\/03\/logo_m2ie_2018-RVB-500x486.jpg 500w, https:\/\/m2ievm.com\/aavelo\/wp-content\/uploads\/2019\/03\/logo_m2ie_2018-RVB-800x777.jpg 800w, https:\/\/m2ievm.com\/aavelo\/wp-content\/uploads\/2019\/03\/logo_m2ie_2018-RVB-1280x1243.jpg 1280w, https:\/\/m2ievm.com\/aavelo\/wp-content\/uploads\/2019\/03\/logo_m2ie_2018-RVB-1920x1865.jpg 1920w\" sizes=\"100vw\" \/>\t\t\t\t\t\t\t\t\t\t\t\t\t\t\t<\/div>\n\t\t\t\t<\/div>\n\t\t\t\t\t<\/div>\n\t\t<\/div>\n\t\t\t\t\t<\/div>\n\t\t<\/section>\n\t\t\t\t<\/div>\n\t\t","protected":false},"excerpt":{"rendered":"<p>La m2ie en quelques mots \u21d2 Un acteur local engag\u00e9 en faveur de l\u2019insertion professionnelle. La Maison Intercommunale de l\u2019Insertion et de l\u2019Emploi \u2013 m2ie \u2013 situ\u00e9e sur la commune de Torcy, est une association loi 1901 qui, depuis 1974, accompagne vers l\u2019emploi des personnes en difficult\u00e9 en leur proposant une offre de services vari\u00e9s. &hellip; <\/p>\n<p class=\"link-more\"><a href=\"https:\/\/m2ievm.com\/aavelo\/a-propos\/\" class=\"more-link\">Continuer la lecture<span class=\"screen-reader-text\"> de &laquo;&nbsp;A propos&nbsp;&raquo;<\/span><\/a><\/p>\n","protected":false},"author":1,"featured_media":0,"parent":0,"menu_order":0,"comment_status":"closed","ping_status":"closed","template":"","meta":{"_vp_format_video_url":"","_vp_image_focal_point":[],"footnotes":""},"class_list":["post-11","page","type-page","status-publish","hentry"],"yoast_head":"<!-- This site is optimized with the Yoast SEO plugin v25.0 - https:\/\/yoast.com\/wordpress\/plugins\/seo\/ -->\n<title>VELOSTATION-PVM:SPECIALISTE VTT-VTC-VELOS VINTAGE<\/title>\n<meta name=\"description\" content=\"Lagny\/Marne, Roissy-en-Brie, Pontault-Combault, Emerainville,Torcy, Brou\/Chantereine,Vaires\/Marne,Lognes, Chelles,Noisiel,Courtry,Champs\/Marne\" \/>\n<meta name=\"robots\" content=\"index, follow, max-snippet:-1, max-image-preview:large, max-video-preview:-1\" \/>\n<link rel=\"canonical\" href=\"http:\/\/m2ievm.com\/aavelo\/a-propos\/\" \/>\n<meta property=\"og:locale\" content=\"fr_FR\" \/>\n<meta property=\"og:type\" content=\"article\" \/>\n<meta property=\"og:title\" content=\"VELOSTATION-PVM:SPECIALISTE VTT-VTC-VELOS VINTAGE\" \/>\n<meta property=\"og:description\" content=\"Lagny\/Marne, Roissy-en-Brie, Pontault-Combault, Emerainville,Torcy, Brou\/Chantereine,Vaires\/Marne,Lognes, Chelles,Noisiel,Courtry,Champs\/Marne\" \/>\n<meta property=\"og:url\" content=\"http:\/\/m2ievm.com\/aavelo\/a-propos\/\" \/>\n<meta property=\"og:site_name\" content=\"VELOSTATION PARIS VALLEE DE LA MARNE\" \/>\n<meta property=\"article:modified_time\" content=\"2019-10-14T10:42:00+00:00\" \/>\n<meta property=\"og:image\" content=\"http:\/\/m2ievm.com\/aavelo\/wp-content\/uploads\/2019\/03\/logo_m2ie_2018-RVB-300x291.jpg\" \/>\n<meta name=\"twitter:card\" content=\"summary_large_image\" \/>\n<meta name=\"twitter:label1\" content=\"Dur\u00e9e de lecture estim\u00e9e\" \/>\n\t<meta name=\"twitter:data1\" content=\"1 minute\" \/>\n<script type=\"application\/ld+json\" class=\"yoast-schema-graph\">{\"@context\":\"https:\/\/schema.org\",\"@graph\":[{\"@type\":\"WebPage\",\"@id\":\"http:\/\/m2ievm.com\/aavelo\/a-propos\/\",\"url\":\"http:\/\/m2ievm.com\/aavelo\/a-propos\/\",\"name\":\"VELOSTATION-PVM:SPECIALISTE VTT-VTC-VELOS VINTAGE\",\"isPartOf\":{\"@id\":\"https:\/\/m2ievm.com\/aavelo\/#website\"},\"primaryImageOfPage\":{\"@id\":\"http:\/\/m2ievm.com\/aavelo\/a-propos\/#primaryimage\"},\"image\":{\"@id\":\"http:\/\/m2ievm.com\/aavelo\/a-propos\/#primaryimage\"},\"thumbnailUrl\":\"http:\/\/m2ievm.com\/aavelo\/wp-content\/uploads\/2019\/03\/logo_m2ie_2018-RVB-300x291.jpg\",\"datePublished\":\"2018-12-03T15:35:58+00:00\",\"dateModified\":\"2019-10-14T10:42:00+00:00\",\"description\":\"Lagny\/Marne, Roissy-en-Brie, Pontault-Combault, Emerainville,Torcy, Brou\/Chantereine,Vaires\/Marne,Lognes, Chelles,Noisiel,Courtry,Champs\/Marne\",\"breadcrumb\":{\"@id\":\"http:\/\/m2ievm.com\/aavelo\/a-propos\/#breadcrumb\"},\"inLanguage\":\"fr-FR\",\"potentialAction\":[{\"@type\":\"ReadAction\",\"target\":[\"http:\/\/m2ievm.com\/aavelo\/a-propos\/\"]}]},{\"@type\":\"ImageObject\",\"inLanguage\":\"fr-FR\",\"@id\":\"http:\/\/m2ievm.com\/aavelo\/a-propos\/#primaryimage\",\"url\":\"https:\/\/m2ievm.com\/aavelo\/wp-content\/uploads\/2019\/03\/logo_m2ie_2018-RVB.jpg\",\"contentUrl\":\"https:\/\/m2ievm.com\/aavelo\/wp-content\/uploads\/2019\/03\/logo_m2ie_2018-RVB.jpg\",\"width\":2598,\"height\":2523,\"caption\":\"Logo du site internet de la maison intercommunale de l'insertion et de l'emploi Paris Vall\u00e9e de la Marne\"},{\"@type\":\"BreadcrumbList\",\"@id\":\"http:\/\/m2ievm.com\/aavelo\/a-propos\/#breadcrumb\",\"itemListElement\":[{\"@type\":\"ListItem\",\"position\":1,\"name\":\"Accueil\",\"item\":\"https:\/\/m2ievm.com\/aavelo\/\"},{\"@type\":\"ListItem\",\"position\":2,\"name\":\"A propos\"}]},{\"@type\":\"WebSite\",\"@id\":\"https:\/\/m2ievm.com\/aavelo\/#website\",\"url\":\"https:\/\/m2ievm.com\/aavelo\/\",\"name\":\"VELOSTATION PARIS VALLEE DE LA MARNE\",\"description\":\"un nouveau regard sur l&#039; Eco-mobilit\u00e9\",\"publisher\":{\"@id\":\"https:\/\/m2ievm.com\/aavelo\/#organization\"},\"potentialAction\":[{\"@type\":\"SearchAction\",\"target\":{\"@type\":\"EntryPoint\",\"urlTemplate\":\"https:\/\/m2ievm.com\/aavelo\/?s={search_term_string}\"},\"query-input\":{\"@type\":\"PropertyValueSpecification\",\"valueRequired\":true,\"valueName\":\"search_term_string\"}}],\"inLanguage\":\"fr-FR\"},{\"@type\":\"Organization\",\"@id\":\"https:\/\/m2ievm.com\/aavelo\/#organization\",\"name\":\"VELOSTATION PARIS VALLEE DE LA MARNE\",\"url\":\"https:\/\/m2ievm.com\/aavelo\/\",\"logo\":{\"@type\":\"ImageObject\",\"inLanguage\":\"fr-FR\",\"@id\":\"https:\/\/m2ievm.com\/aavelo\/#\/schema\/logo\/image\/\",\"url\":\"https:\/\/m2ievm.com\/aavelo\/wp-content\/uploads\/2025\/04\/cropped-logo-velostation-3-02.png\",\"contentUrl\":\"https:\/\/m2ievm.com\/aavelo\/wp-content\/uploads\/2025\/04\/cropped-logo-velostation-3-02.png\",\"width\":249,\"height\":250,\"caption\":\"VELOSTATION PARIS VALLEE DE LA MARNE\"},\"image\":{\"@id\":\"https:\/\/m2ievm.com\/aavelo\/#\/schema\/logo\/image\/\"}}]}<\/script>\n<!-- \/ Yoast SEO plugin. -->","yoast_head_json":{"title":"VELOSTATION-PVM:SPECIALISTE VTT-VTC-VELOS VINTAGE","description":"Lagny\/Marne, Roissy-en-Brie, Pontault-Combault, Emerainville,Torcy, Brou\/Chantereine,Vaires\/Marne,Lognes, Chelles,Noisiel,Courtry,Champs\/Marne","robots":{"index":"index","follow":"follow","max-snippet":"max-snippet:-1","max-image-preview":"max-image-preview:large","max-video-preview":"max-video-preview:-1"},"canonical":"http:\/\/m2ievm.com\/aavelo\/a-propos\/","og_locale":"fr_FR","og_type":"article","og_title":"VELOSTATION-PVM:SPECIALISTE VTT-VTC-VELOS VINTAGE","og_description":"Lagny\/Marne, Roissy-en-Brie, Pontault-Combault, Emerainville,Torcy, Brou\/Chantereine,Vaires\/Marne,Lognes, Chelles,Noisiel,Courtry,Champs\/Marne","og_url":"http:\/\/m2ievm.com\/aavelo\/a-propos\/","og_site_name":"VELOSTATION PARIS VALLEE DE LA MARNE","article_modified_time":"2019-10-14T10:42:00+00:00","og_image":[{"url":"http:\/\/m2ievm.com\/aavelo\/wp-content\/uploads\/2019\/03\/logo_m2ie_2018-RVB-300x291.jpg","type":"","width":"","height":""}],"twitter_card":"summary_large_image","twitter_misc":{"Dur\u00e9e de lecture estim\u00e9e":"1 minute"},"schema":{"@context":"https:\/\/schema.org","@graph":[{"@type":"WebPage","@id":"http:\/\/m2ievm.com\/aavelo\/a-propos\/","url":"http:\/\/m2ievm.com\/aavelo\/a-propos\/","name":"VELOSTATION-PVM:SPECIALISTE VTT-VTC-VELOS VINTAGE","isPartOf":{"@id":"https:\/\/m2ievm.com\/aavelo\/#website"},"primaryImageOfPage":{"@id":"http:\/\/m2ievm.com\/aavelo\/a-propos\/#primaryimage"},"image":{"@id":"http:\/\/m2ievm.com\/aavelo\/a-propos\/#primaryimage"},"thumbnailUrl":"http:\/\/m2ievm.com\/aavelo\/wp-content\/uploads\/2019\/03\/logo_m2ie_2018-RVB-300x291.jpg","datePublished":"2018-12-03T15:35:58+00:00","dateModified":"2019-10-14T10:42:00+00:00","description":"Lagny\/Marne, Roissy-en-Brie, Pontault-Combault, Emerainville,Torcy, Brou\/Chantereine,Vaires\/Marne,Lognes, Chelles,Noisiel,Courtry,Champs\/Marne","breadcrumb":{"@id":"http:\/\/m2ievm.com\/aavelo\/a-propos\/#breadcrumb"},"inLanguage":"fr-FR","potentialAction":[{"@type":"ReadAction","target":["http:\/\/m2ievm.com\/aavelo\/a-propos\/"]}]},{"@type":"ImageObject","inLanguage":"fr-FR","@id":"http:\/\/m2ievm.com\/aavelo\/a-propos\/#primaryimage","url":"https:\/\/m2ievm.com\/aavelo\/wp-content\/uploads\/2019\/03\/logo_m2ie_2018-RVB.jpg","contentUrl":"https:\/\/m2ievm.com\/aavelo\/wp-content\/uploads\/2019\/03\/logo_m2ie_2018-RVB.jpg","width":2598,"height":2523,"caption":"Logo du site internet de la maison intercommunale de l'insertion et de l'emploi Paris Vall\u00e9e de la Marne"},{"@type":"BreadcrumbList","@id":"http:\/\/m2ievm.com\/aavelo\/a-propos\/#breadcrumb","itemListElement":[{"@type":"ListItem","position":1,"name":"Accueil","item":"https:\/\/m2ievm.com\/aavelo\/"},{"@type":"ListItem","position":2,"name":"A propos"}]},{"@type":"WebSite","@id":"https:\/\/m2ievm.com\/aavelo\/#website","url":"https:\/\/m2ievm.com\/aavelo\/","name":"VELOSTATION PARIS VALLEE DE LA MARNE","description":"un nouveau regard sur l&#039; Eco-mobilit\u00e9","publisher":{"@id":"https:\/\/m2ievm.com\/aavelo\/#organization"},"potentialAction":[{"@type":"SearchAction","target":{"@type":"EntryPoint","urlTemplate":"https:\/\/m2ievm.com\/aavelo\/?s={search_term_string}"},"query-input":{"@type":"PropertyValueSpecification","valueRequired":true,"valueName":"search_term_string"}}],"inLanguage":"fr-FR"},{"@type":"Organization","@id":"https:\/\/m2ievm.com\/aavelo\/#organization","name":"VELOSTATION PARIS VALLEE DE LA MARNE","url":"https:\/\/m2ievm.com\/aavelo\/","logo":{"@type":"ImageObject","inLanguage":"fr-FR","@id":"https:\/\/m2ievm.com\/aavelo\/#\/schema\/logo\/image\/","url":"https:\/\/m2ievm.com\/aavelo\/wp-content\/uploads\/2025\/04\/cropped-logo-velostation-3-02.png","contentUrl":"https:\/\/m2ievm.com\/aavelo\/wp-content\/uploads\/2025\/04\/cropped-logo-velostation-3-02.png","width":249,"height":250,"caption":"VELOSTATION PARIS VALLEE DE LA MARNE"},"image":{"@id":"https:\/\/m2ievm.com\/aavelo\/#\/schema\/logo\/image\/"}}]}},"_links":{"self":[{"href":"https:\/\/m2ievm.com\/aavelo\/wp-json\/wp\/v2\/pages\/11","targetHints":{"allow":["GET"]}}],"collection":[{"href":"https:\/\/m2ievm.com\/aavelo\/wp-json\/wp\/v2\/pages"}],"about":[{"href":"https:\/\/m2ievm.com\/aavelo\/wp-json\/wp\/v2\/types\/page"}],"author":[{"embeddable":true,"href":"https:\/\/m2ievm.com\/aavelo\/wp-json\/wp\/v2\/users\/1"}],"replies":[{"embeddable":true,"href":"https:\/\/m2ievm.com\/aavelo\/wp-json\/wp\/v2\/comments?post=11"}],"version-history":[{"count":6,"href":"https:\/\/m2ievm.com\/aavelo\/wp-json\/wp\/v2\/pages\/11\/revisions"}],"predecessor-version":[{"id":783,"href":"https:\/\/m2ievm.com\/aavelo\/wp-json\/wp\/v2\/pages\/11\/revisions\/783"}],"wp:attachment":[{"href":"https:\/\/m2ievm.com\/aavelo\/wp-json\/wp\/v2\/media?parent=11"}],"curies":[{"name":"wp","href":"https:\/\/api.w.org\/{rel}","templated":true}]}}